{"id":334,"date":"2023-02-22T12:50:42","date_gmt":"2023-02-22T12:50:42","guid":{"rendered":"https:\/\/retro-forma.com\/tr\/fransa\/stade-brestois-29\/"},"modified":"2023-02-22T12:50:42","modified_gmt":"2023-02-22T12:50:42","slug":"stade-brestois-29","status":"publish","type":"page","link":"https:\/\/retro-forma.com\/tr\/fransa\/stade-brestois-29\/","title":{"rendered":"Stade Brestois 29"},"content":{"rendered":"<p>Stade Brestois 29, Bretonya&#8217;da kurulmu\u015f bir futbol kul\u00fcb\u00fcd\u00fcr. Kul\u00fcp, 1903 y\u0131l\u0131nda kurulmu\u015ftur ve Stade Francis-Le Bl\u00e9 stadyumunda oynar. Stadyum kapasitesi 15.097&#8217;dir ve kul\u00fcb\u00fcn renkleri mavi ve beyazd\u0131r. Kul\u00fcb\u00fcn retro formas\u0131, mavi ve beyaz \u00e7izgili bir desendir ve klasik bir tarzda tasarlanm\u0131\u015ft\u0131r. Forma, kul\u00fcb\u00fcn k\u00f6kl\u00fc ge\u00e7mi\u015fini ve Bretonya k\u00fclt\u00fcr\u00fcn\u00fc yans\u0131t\u0131r.<\/p>\n<p>&nbsp;<\/p>\n<p>&nbsp;<\/p>\n<p>Stadyum: Stade Francis-Le Bl\u00e9<\/p>\n<p>Adres: 26, rue de Quimper, Brest<\/p>\n<p>Kapasite: 15931<\/p>\n<p><img decoding=\"async\" src=\"https:\/\/media-2.api-sports.io\/football\/venues\/641.png\" \/><\/p>\n<p>&nbsp;<\/p>\n<p>Temelde: 1950<\/p>\n","protected":false},"excerpt":{"rendered":"<p>Retro Jersey ile kul\u00fcb\u00fcn tarihini ve k\u00fclt\u00fcr\u00fcn\u00fc kutlamak i\u00e7in, Stade Brestois 29, Breton kul\u00fcb\u00fcn\u00fcn \u00f6zel olarak tasarlanm\u0131\u015f retro formas\u0131n\u0131 piyasaya s\u00fcrd\u00fc. Bu forma, kul\u00fcb\u00fcn tarihini ve Breton k\u00fclt\u00fcr\u00fcn\u00fcn \u00f6z\u00fcn\u00fc yans\u0131t\u0131yor. Forma, kul\u00fcb\u00fcn k\u00f6klerine sad\u0131k kalarak, Breton bayra\u011f\u0131n\u0131n renklerini ve k<\/p>\n","protected":false},"author":1,"featured_media":335,"parent":300,"menu_order":0,"comment_status":"open","ping_status":"open","template":"","meta":{"inline_featured_image":false,"footnotes":""},"class_list":["post-334","page","type-page","status-publish","has-post-thumbnail","hentry"],"yoast_head":"<!-- This site is optimized with the Yoast SEO plugin v20.0 - https:\/\/yoast.com\/wordpress\/plugins\/seo\/ -->\n<title>Retro Stade Brestois 29 forma. Ceket \/ formas\u0131<\/title>\n<meta name=\"description\" content=\"Retro kul\u00fcp formas\u0131n\u0131n keyfini \u00e7\u0131kar\u0131n! Stade Brestois 29&#039;dan al\u0131\u015f\u0131lmad\u0131k tasar\u0131mlar ve klasik tarzlarla \u00f6zel retro kul\u00fcp formas\u0131n\u0131 ke\u015ffedin. \u015eimdi sipari\u015f verin ve kul\u00fcp formas\u0131n\u0131n keyfini \u00e7\u0131kar\u0131n!\" \/>\n<meta name=\"robots\" content=\"index, follow, max-snippet:-1, max-image-preview:large, max-video-preview:-1\" \/>\n<link rel=\"canonical\" href=\"https:\/\/retro-forma.com\/tr\/fransa\/stade-brestois-29\/\" \/>\n<meta property=\"og:locale\" content=\"da_DK\" \/>\n<meta property=\"og:type\" content=\"article\" \/>\n<meta property=\"og:title\" content=\"Retro Stade Brestois 29 forma. Ceket \/ formas\u0131\" \/>\n<meta property=\"og:description\" content=\"Retro kul\u00fcp formas\u0131n\u0131n keyfini \u00e7\u0131kar\u0131n! Stade Brestois 29&#039;dan al\u0131\u015f\u0131lmad\u0131k tasar\u0131mlar ve klasik tarzlarla \u00f6zel retro kul\u00fcp formas\u0131n\u0131 ke\u015ffedin. \u015eimdi sipari\u015f verin ve kul\u00fcp formas\u0131n\u0131n keyfini \u00e7\u0131kar\u0131n!\" \/>\n<meta property=\"og:url\" content=\"https:\/\/retro-forma.com\/tr\/fransa\/stade-brestois-29\/\" \/>\n<meta property=\"og:site_name\" content=\"Retro Forma\" \/>\n<meta property=\"og:image\" content=\"https:\/\/retro-forma.com\/tr\/wp-content\/uploads\/2023\/02\/106.png\" \/>\n\t<meta property=\"og:image:width\" content=\"150\" \/>\n\t<meta property=\"og:image:height\" content=\"150\" \/>\n\t<meta property=\"og:image:type\" content=\"image\/png\" \/>\n<meta name=\"twitter:card\" content=\"summary_large_image\" \/>\n<script type=\"application\/ld+json\" class=\"yoast-schema-graph\">{\"@context\":\"https:\/\/schema.org\",\"@graph\":[{\"@type\":\"WebPage\",\"@id\":\"https:\/\/retro-forma.com\/tr\/fransa\/stade-brestois-29\/\",\"url\":\"https:\/\/retro-forma.com\/tr\/fransa\/stade-brestois-29\/\",\"name\":\"Retro Stade Brestois 29 forma. Ceket \/ formas\u0131\",\"isPartOf\":{\"@id\":\"https:\/\/retro-forma.com\/tr\/#website\"},\"datePublished\":\"2023-02-22T12:50:42+00:00\",\"dateModified\":\"2023-02-22T12:50:42+00:00\",\"description\":\"Retro kul\u00fcp formas\u0131n\u0131n keyfini \u00e7\u0131kar\u0131n! Stade Brestois 29'dan al\u0131\u015f\u0131lmad\u0131k tasar\u0131mlar ve klasik tarzlarla \u00f6zel retro kul\u00fcp formas\u0131n\u0131 ke\u015ffedin. \u015eimdi sipari\u015f verin ve kul\u00fcp formas\u0131n\u0131n keyfini \u00e7\u0131kar\u0131n!\",\"breadcrumb\":{\"@id\":\"https:\/\/retro-forma.com\/tr\/fransa\/stade-brestois-29\/#breadcrumb\"},\"inLanguage\":\"da-DK\",\"potentialAction\":[{\"@type\":\"ReadAction\",\"target\":[\"https:\/\/retro-forma.com\/tr\/fransa\/stade-brestois-29\/\"]}]},{\"@type\":\"BreadcrumbList\",\"@id\":\"https:\/\/retro-forma.com\/tr\/fransa\/stade-brestois-29\/#breadcrumb\",\"itemListElement\":[{\"@type\":\"ListItem\",\"position\":1,\"name\":\"Hjem\",\"item\":\"https:\/\/retro-forma.com\/tr\/\"},{\"@type\":\"ListItem\",\"position\":2,\"name\":\"Fransa\",\"item\":\"https:\/\/retro-forma.com\/tr\/fransa\/\"},{\"@type\":\"ListItem\",\"position\":3,\"name\":\"Stade Brestois 29\"}]},{\"@type\":\"WebSite\",\"@id\":\"https:\/\/retro-forma.com\/tr\/#website\",\"url\":\"https:\/\/retro-forma.com\/tr\/\",\"name\":\"Retro Forma\",\"description\":\"\",\"publisher\":{\"@id\":\"https:\/\/retro-forma.com\/tr\/#organization\"},\"potentialAction\":[{\"@type\":\"SearchAction\",\"target\":{\"@type\":\"EntryPoint\",\"urlTemplate\":\"https:\/\/retro-forma.com\/tr\/?s={search_term_string}\"},\"query-input\":\"required name=search_term_string\"}],\"inLanguage\":\"da-DK\"},{\"@type\":\"Organization\",\"@id\":\"https:\/\/retro-forma.com\/tr\/#organization\",\"name\":\"Retro Forma\",\"url\":\"https:\/\/retro-forma.com\/tr\/\",\"logo\":{\"@type\":\"ImageObject\",\"inLanguage\":\"da-DK\",\"@id\":\"https:\/\/retro-forma.com\/tr\/#\/schema\/logo\/image\/\",\"url\":\"https:\/\/retro-forma.com\/tr\/wp-content\/uploads\/2023\/02\/Retro-troeje.png\",\"contentUrl\":\"https:\/\/retro-forma.com\/tr\/wp-content\/uploads\/2023\/02\/Retro-troeje.png\",\"width\":250,\"height\":100,\"caption\":\"Retro Forma\"},\"image\":{\"@id\":\"https:\/\/retro-forma.com\/tr\/#\/schema\/logo\/image\/\"}}]}<\/script>\n<!-- \/ Yoast SEO plugin. -->","yoast_head_json":{"title":"Retro Stade Brestois 29 forma. Ceket \/ formas\u0131","description":"Retro kul\u00fcp formas\u0131n\u0131n keyfini \u00e7\u0131kar\u0131n! Stade Brestois 29'dan al\u0131\u015f\u0131lmad\u0131k tasar\u0131mlar ve klasik tarzlarla \u00f6zel retro kul\u00fcp formas\u0131n\u0131 ke\u015ffedin. \u015eimdi sipari\u015f verin ve kul\u00fcp formas\u0131n\u0131n keyfini \u00e7\u0131kar\u0131n!","robots":{"index":"index","follow":"follow","max-snippet":"max-snippet:-1","max-image-preview":"max-image-preview:large","max-video-preview":"max-video-preview:-1"},"canonical":"https:\/\/retro-forma.com\/tr\/fransa\/stade-brestois-29\/","og_locale":"da_DK","og_type":"article","og_title":"Retro Stade Brestois 29 forma. Ceket \/ formas\u0131","og_description":"Retro kul\u00fcp formas\u0131n\u0131n keyfini \u00e7\u0131kar\u0131n! Stade Brestois 29'dan al\u0131\u015f\u0131lmad\u0131k tasar\u0131mlar ve klasik tarzlarla \u00f6zel retro kul\u00fcp formas\u0131n\u0131 ke\u015ffedin. \u015eimdi sipari\u015f verin ve kul\u00fcp formas\u0131n\u0131n keyfini \u00e7\u0131kar\u0131n!","og_url":"https:\/\/retro-forma.com\/tr\/fransa\/stade-brestois-29\/","og_site_name":"Retro Forma","og_image":[{"width":150,"height":150,"url":"https:\/\/retro-forma.com\/tr\/wp-content\/uploads\/2023\/02\/106.png","type":"image\/png"}],"twitter_card":"summary_large_image","schema":{"@context":"https:\/\/schema.org","@graph":[{"@type":"WebPage","@id":"https:\/\/retro-forma.com\/tr\/fransa\/stade-brestois-29\/","url":"https:\/\/retro-forma.com\/tr\/fransa\/stade-brestois-29\/","name":"Retro Stade Brestois 29 forma. Ceket \/ formas\u0131","isPartOf":{"@id":"https:\/\/retro-forma.com\/tr\/#website"},"datePublished":"2023-02-22T12:50:42+00:00","dateModified":"2023-02-22T12:50:42+00:00","description":"Retro kul\u00fcp formas\u0131n\u0131n keyfini \u00e7\u0131kar\u0131n! Stade Brestois 29'dan al\u0131\u015f\u0131lmad\u0131k tasar\u0131mlar ve klasik tarzlarla \u00f6zel retro kul\u00fcp formas\u0131n\u0131 ke\u015ffedin. \u015eimdi sipari\u015f verin ve kul\u00fcp formas\u0131n\u0131n keyfini \u00e7\u0131kar\u0131n!","breadcrumb":{"@id":"https:\/\/retro-forma.com\/tr\/fransa\/stade-brestois-29\/#breadcrumb"},"inLanguage":"da-DK","potentialAction":[{"@type":"ReadAction","target":["https:\/\/retro-forma.com\/tr\/fransa\/stade-brestois-29\/"]}]},{"@type":"BreadcrumbList","@id":"https:\/\/retro-forma.com\/tr\/fransa\/stade-brestois-29\/#breadcrumb","itemListElement":[{"@type":"ListItem","position":1,"name":"Hjem","item":"https:\/\/retro-forma.com\/tr\/"},{"@type":"ListItem","position":2,"name":"Fransa","item":"https:\/\/retro-forma.com\/tr\/fransa\/"},{"@type":"ListItem","position":3,"name":"Stade Brestois 29"}]},{"@type":"WebSite","@id":"https:\/\/retro-forma.com\/tr\/#website","url":"https:\/\/retro-forma.com\/tr\/","name":"Retro Forma","description":"","publisher":{"@id":"https:\/\/retro-forma.com\/tr\/#organization"},"potentialAction":[{"@type":"SearchAction","target":{"@type":"EntryPoint","urlTemplate":"https:\/\/retro-forma.com\/tr\/?s={search_term_string}"},"query-input":"required name=search_term_string"}],"inLanguage":"da-DK"},{"@type":"Organization","@id":"https:\/\/retro-forma.com\/tr\/#organization","name":"Retro Forma","url":"https:\/\/retro-forma.com\/tr\/","logo":{"@type":"ImageObject","inLanguage":"da-DK","@id":"https:\/\/retro-forma.com\/tr\/#\/schema\/logo\/image\/","url":"https:\/\/retro-forma.com\/tr\/wp-content\/uploads\/2023\/02\/Retro-troeje.png","contentUrl":"https:\/\/retro-forma.com\/tr\/wp-content\/uploads\/2023\/02\/Retro-troeje.png","width":250,"height":100,"caption":"Retro Forma"},"image":{"@id":"https:\/\/retro-forma.com\/tr\/#\/schema\/logo\/image\/"}}]}},"_links":{"self":[{"href":"https:\/\/retro-forma.com\/tr\/wp-json\/wp\/v2\/pages\/334","targetHints":{"allow":["GET"]}}],"collection":[{"href":"https:\/\/retro-forma.com\/tr\/wp-json\/wp\/v2\/pages"}],"about":[{"href":"https:\/\/retro-forma.com\/tr\/wp-json\/wp\/v2\/types\/page"}],"author":[{"embeddable":true,"href":"https:\/\/retro-forma.com\/tr\/wp-json\/wp\/v2\/users\/1"}],"replies":[{"embeddable":true,"href":"https:\/\/retro-forma.com\/tr\/wp-json\/wp\/v2\/comments?post=334"}],"version-history":[{"count":0,"href":"https:\/\/retro-forma.com\/tr\/wp-json\/wp\/v2\/pages\/334\/revisions"}],"up":[{"embeddable":true,"href":"https:\/\/retro-forma.com\/tr\/wp-json\/wp\/v2\/pages\/300"}],"wp:featuredmedia":[{"embeddable":true,"href":"https:\/\/retro-forma.com\/tr\/wp-json\/wp\/v2\/media\/335"}],"wp:attachment":[{"href":"https:\/\/retro-forma.com\/tr\/wp-json\/wp\/v2\/media?parent=334"}],"curies":[{"name":"wp","href":"https:\/\/api.w.org\/{rel}","templated":true}]}}