{"id":230,"date":"2023-02-11T11:07:40","date_gmt":"2023-02-11T11:07:40","guid":{"rendered":"https:\/\/retro-forma.com\/tr\/almanya\/fc-augsburg\/"},"modified":"2023-02-11T11:07:40","modified_gmt":"2023-02-11T11:07:40","slug":"fc-augsburg","status":"publish","type":"page","link":"https:\/\/retro-forma.com\/tr\/almanya\/fc-augsburg\/","title":{"rendered":"FC Augsburg"},"content":{"rendered":"<p>FC Augsburg, 1907 y\u0131l\u0131nda kurulmu\u015f bir Alman futbol kul\u00fcb\u00fcd\u00fcr. Kul\u00fcb\u00fcn stadyumu Augsburg Arena, 30.660 ki\u015filik kapasiteye sahiptir. Kul\u00fcb\u00fcn retro formas\u0131, mavi ve beyaz renklerinin kombinasyonuyla olu\u015fturulmu\u015ftur. Forma, kul\u00fcb\u00fcn kurulu\u015fundan bu yana kullan\u0131lan renkleri ta\u015f\u0131maktad\u0131r.<\/p>\n<p>&nbsp;<\/p>\n<p>&nbsp;<\/p>\n<p>Stadyum: WWK Arena<\/p>\n<p>Adres: B\u00fcrgermeister Ulrich-Stra\u00dfe 90, Augsburg<\/p>\n<p>Kapasite: 30662<\/p>\n<p><img decoding=\"async\" src=\"https:\/\/media-1.api-sports.io\/football\/venues\/698.png\" \/><\/p>\n<p>&nbsp;<\/p>\n<p>Temelde: 1907<\/p>\n","protected":false},"excerpt":{"rendered":"<p>FC Augsburg, Almanya&#8217;da bulunan bir futbol kul\u00fcb\u00fcd\u00fcr. Kul\u00fcp, retro forma tasar\u0131mlar\u0131yla tan\u0131n\u0131r ve bu forma tasar\u0131mlar\u0131, kul\u00fcb\u00fcn tarihine ve k\u00f6klerine sayg\u0131 duymak i\u00e7in tasarlanm\u0131\u015ft\u0131r. Retro forma, kul\u00fcb\u00fcn k\u00f6klerini ve tarihini kutlamak i\u00e7in tasarlanm\u0131\u015ft\u0131r ve kul\u00fcb\u00fcn tarihini ve k\u00f6klerini kutlam<\/p>\n","protected":false},"author":1,"featured_media":231,"parent":206,"menu_order":0,"comment_status":"open","ping_status":"open","template":"","meta":{"inline_featured_image":false,"footnotes":""},"class_list":["post-230","page","type-page","status-publish","has-post-thumbnail","hentry"],"yoast_head":"<!-- This site is optimized with the Yoast SEO plugin v20.0 - https:\/\/yoast.com\/wordpress\/plugins\/seo\/ -->\n<title>Retro FC Augsburg forma. Ceket \/ formas\u0131<\/title>\n<meta name=\"description\" content=\"Augsburg&#039;da klasik ve modern tasar\u0131mlar\u0131n bir araya geldi\u011fi FC Augsburg retro forma ve \u00fcr\u00fcnleri ile sizi bekliyor. \u015eimdi al\u0131\u015fveri\u015fe ba\u015flay\u0131n ve tak\u0131m\u0131n\u0131z\u0131 destekleyin!\" \/>\n<meta name=\"robots\" content=\"index, follow, max-snippet:-1, max-image-preview:large, max-video-preview:-1\" \/>\n<link rel=\"canonical\" href=\"https:\/\/retro-forma.com\/tr\/almanya\/fc-augsburg\/\" \/>\n<meta property=\"og:locale\" content=\"da_DK\" \/>\n<meta property=\"og:type\" content=\"article\" \/>\n<meta property=\"og:title\" content=\"Retro FC Augsburg forma. Ceket \/ formas\u0131\" \/>\n<meta property=\"og:description\" content=\"Augsburg&#039;da klasik ve modern tasar\u0131mlar\u0131n bir araya geldi\u011fi FC Augsburg retro forma ve \u00fcr\u00fcnleri ile sizi bekliyor. \u015eimdi al\u0131\u015fveri\u015fe ba\u015flay\u0131n ve tak\u0131m\u0131n\u0131z\u0131 destekleyin!\" \/>\n<meta property=\"og:url\" content=\"https:\/\/retro-forma.com\/tr\/almanya\/fc-augsburg\/\" \/>\n<meta property=\"og:site_name\" content=\"Retro Forma\" \/>\n<meta property=\"og:image\" content=\"https:\/\/retro-forma.com\/tr\/wp-content\/uploads\/2023\/02\/170.png\" \/>\n\t<meta property=\"og:image:width\" content=\"150\" \/>\n\t<meta property=\"og:image:height\" content=\"150\" \/>\n\t<meta property=\"og:image:type\" content=\"image\/png\" \/>\n<meta name=\"twitter:card\" content=\"summary_large_image\" \/>\n<script type=\"application\/ld+json\" class=\"yoast-schema-graph\">{\"@context\":\"https:\/\/schema.org\",\"@graph\":[{\"@type\":\"WebPage\",\"@id\":\"https:\/\/retro-forma.com\/tr\/almanya\/fc-augsburg\/\",\"url\":\"https:\/\/retro-forma.com\/tr\/almanya\/fc-augsburg\/\",\"name\":\"Retro FC Augsburg forma. Ceket \/ formas\u0131\",\"isPartOf\":{\"@id\":\"https:\/\/retro-forma.com\/tr\/#website\"},\"datePublished\":\"2023-02-11T11:07:40+00:00\",\"dateModified\":\"2023-02-11T11:07:40+00:00\",\"description\":\"Augsburg'da klasik ve modern tasar\u0131mlar\u0131n bir araya geldi\u011fi FC Augsburg retro forma ve \u00fcr\u00fcnleri ile sizi bekliyor. \u015eimdi al\u0131\u015fveri\u015fe ba\u015flay\u0131n ve tak\u0131m\u0131n\u0131z\u0131 destekleyin!\",\"breadcrumb\":{\"@id\":\"https:\/\/retro-forma.com\/tr\/almanya\/fc-augsburg\/#breadcrumb\"},\"inLanguage\":\"da-DK\",\"potentialAction\":[{\"@type\":\"ReadAction\",\"target\":[\"https:\/\/retro-forma.com\/tr\/almanya\/fc-augsburg\/\"]}]},{\"@type\":\"BreadcrumbList\",\"@id\":\"https:\/\/retro-forma.com\/tr\/almanya\/fc-augsburg\/#breadcrumb\",\"itemListElement\":[{\"@type\":\"ListItem\",\"position\":1,\"name\":\"Hjem\",\"item\":\"https:\/\/retro-forma.com\/tr\/\"},{\"@type\":\"ListItem\",\"position\":2,\"name\":\"Almanya\",\"item\":\"https:\/\/retro-forma.com\/tr\/almanya\/\"},{\"@type\":\"ListItem\",\"position\":3,\"name\":\"FC Augsburg\"}]},{\"@type\":\"WebSite\",\"@id\":\"https:\/\/retro-forma.com\/tr\/#website\",\"url\":\"https:\/\/retro-forma.com\/tr\/\",\"name\":\"Retro Forma\",\"description\":\"\",\"publisher\":{\"@id\":\"https:\/\/retro-forma.com\/tr\/#organization\"},\"potentialAction\":[{\"@type\":\"SearchAction\",\"target\":{\"@type\":\"EntryPoint\",\"urlTemplate\":\"https:\/\/retro-forma.com\/tr\/?s={search_term_string}\"},\"query-input\":\"required name=search_term_string\"}],\"inLanguage\":\"da-DK\"},{\"@type\":\"Organization\",\"@id\":\"https:\/\/retro-forma.com\/tr\/#organization\",\"name\":\"Retro Forma\",\"url\":\"https:\/\/retro-forma.com\/tr\/\",\"logo\":{\"@type\":\"ImageObject\",\"inLanguage\":\"da-DK\",\"@id\":\"https:\/\/retro-forma.com\/tr\/#\/schema\/logo\/image\/\",\"url\":\"https:\/\/retro-forma.com\/tr\/wp-content\/uploads\/2023\/02\/Retro-troeje.png\",\"contentUrl\":\"https:\/\/retro-forma.com\/tr\/wp-content\/uploads\/2023\/02\/Retro-troeje.png\",\"width\":250,\"height\":100,\"caption\":\"Retro Forma\"},\"image\":{\"@id\":\"https:\/\/retro-forma.com\/tr\/#\/schema\/logo\/image\/\"}}]}<\/script>\n<!-- \/ Yoast SEO plugin. -->","yoast_head_json":{"title":"Retro FC Augsburg forma. Ceket \/ formas\u0131","description":"Augsburg'da klasik ve modern tasar\u0131mlar\u0131n bir araya geldi\u011fi FC Augsburg retro forma ve \u00fcr\u00fcnleri ile sizi bekliyor. \u015eimdi al\u0131\u015fveri\u015fe ba\u015flay\u0131n ve tak\u0131m\u0131n\u0131z\u0131 destekleyin!","robots":{"index":"index","follow":"follow","max-snippet":"max-snippet:-1","max-image-preview":"max-image-preview:large","max-video-preview":"max-video-preview:-1"},"canonical":"https:\/\/retro-forma.com\/tr\/almanya\/fc-augsburg\/","og_locale":"da_DK","og_type":"article","og_title":"Retro FC Augsburg forma. Ceket \/ formas\u0131","og_description":"Augsburg'da klasik ve modern tasar\u0131mlar\u0131n bir araya geldi\u011fi FC Augsburg retro forma ve \u00fcr\u00fcnleri ile sizi bekliyor. \u015eimdi al\u0131\u015fveri\u015fe ba\u015flay\u0131n ve tak\u0131m\u0131n\u0131z\u0131 destekleyin!","og_url":"https:\/\/retro-forma.com\/tr\/almanya\/fc-augsburg\/","og_site_name":"Retro Forma","og_image":[{"width":150,"height":150,"url":"https:\/\/retro-forma.com\/tr\/wp-content\/uploads\/2023\/02\/170.png","type":"image\/png"}],"twitter_card":"summary_large_image","schema":{"@context":"https:\/\/schema.org","@graph":[{"@type":"WebPage","@id":"https:\/\/retro-forma.com\/tr\/almanya\/fc-augsburg\/","url":"https:\/\/retro-forma.com\/tr\/almanya\/fc-augsburg\/","name":"Retro FC Augsburg forma. Ceket \/ formas\u0131","isPartOf":{"@id":"https:\/\/retro-forma.com\/tr\/#website"},"datePublished":"2023-02-11T11:07:40+00:00","dateModified":"2023-02-11T11:07:40+00:00","description":"Augsburg'da klasik ve modern tasar\u0131mlar\u0131n bir araya geldi\u011fi FC Augsburg retro forma ve \u00fcr\u00fcnleri ile sizi bekliyor. \u015eimdi al\u0131\u015fveri\u015fe ba\u015flay\u0131n ve tak\u0131m\u0131n\u0131z\u0131 destekleyin!","breadcrumb":{"@id":"https:\/\/retro-forma.com\/tr\/almanya\/fc-augsburg\/#breadcrumb"},"inLanguage":"da-DK","potentialAction":[{"@type":"ReadAction","target":["https:\/\/retro-forma.com\/tr\/almanya\/fc-augsburg\/"]}]},{"@type":"BreadcrumbList","@id":"https:\/\/retro-forma.com\/tr\/almanya\/fc-augsburg\/#breadcrumb","itemListElement":[{"@type":"ListItem","position":1,"name":"Hjem","item":"https:\/\/retro-forma.com\/tr\/"},{"@type":"ListItem","position":2,"name":"Almanya","item":"https:\/\/retro-forma.com\/tr\/almanya\/"},{"@type":"ListItem","position":3,"name":"FC Augsburg"}]},{"@type":"WebSite","@id":"https:\/\/retro-forma.com\/tr\/#website","url":"https:\/\/retro-forma.com\/tr\/","name":"Retro Forma","description":"","publisher":{"@id":"https:\/\/retro-forma.com\/tr\/#organization"},"potentialAction":[{"@type":"SearchAction","target":{"@type":"EntryPoint","urlTemplate":"https:\/\/retro-forma.com\/tr\/?s={search_term_string}"},"query-input":"required name=search_term_string"}],"inLanguage":"da-DK"},{"@type":"Organization","@id":"https:\/\/retro-forma.com\/tr\/#organization","name":"Retro Forma","url":"https:\/\/retro-forma.com\/tr\/","logo":{"@type":"ImageObject","inLanguage":"da-DK","@id":"https:\/\/retro-forma.com\/tr\/#\/schema\/logo\/image\/","url":"https:\/\/retro-forma.com\/tr\/wp-content\/uploads\/2023\/02\/Retro-troeje.png","contentUrl":"https:\/\/retro-forma.com\/tr\/wp-content\/uploads\/2023\/02\/Retro-troeje.png","width":250,"height":100,"caption":"Retro Forma"},"image":{"@id":"https:\/\/retro-forma.com\/tr\/#\/schema\/logo\/image\/"}}]}},"_links":{"self":[{"href":"https:\/\/retro-forma.com\/tr\/wp-json\/wp\/v2\/pages\/230","targetHints":{"allow":["GET"]}}],"collection":[{"href":"https:\/\/retro-forma.com\/tr\/wp-json\/wp\/v2\/pages"}],"about":[{"href":"https:\/\/retro-forma.com\/tr\/wp-json\/wp\/v2\/types\/page"}],"author":[{"embeddable":true,"href":"https:\/\/retro-forma.com\/tr\/wp-json\/wp\/v2\/users\/1"}],"replies":[{"embeddable":true,"href":"https:\/\/retro-forma.com\/tr\/wp-json\/wp\/v2\/comments?post=230"}],"version-history":[{"count":0,"href":"https:\/\/retro-forma.com\/tr\/wp-json\/wp\/v2\/pages\/230\/revisions"}],"up":[{"embeddable":true,"href":"https:\/\/retro-forma.com\/tr\/wp-json\/wp\/v2\/pages\/206"}],"wp:featuredmedia":[{"embeddable":true,"href":"https:\/\/retro-forma.com\/tr\/wp-json\/wp\/v2\/media\/231"}],"wp:attachment":[{"href":"https:\/\/retro-forma.com\/tr\/wp-json\/wp\/v2\/media?parent=230"}],"curies":[{"name":"wp","href":"https:\/\/api.w.org\/{rel}","templated":true}]}}