{"id":202,"date":"2023-02-11T10:39:17","date_gmt":"2023-02-11T10:39:17","guid":{"rendered":"https:\/\/retro-forma.com\/tr\/ispanya\/mallorca\/"},"modified":"2023-02-11T10:39:17","modified_gmt":"2023-02-11T10:39:17","slug":"mallorca","status":"publish","type":"page","link":"https:\/\/retro-forma.com\/tr\/ispanya\/mallorca\/","title":{"rendered":"Mallorca"},"content":{"rendered":"<p>1907 y\u0131l\u0131nda kurulan Mallorca, \u0130spanya&#8217;da bulunan bir futbol kul\u00fcb\u00fcd\u00fcr. Kul\u00fcb\u00fcn stadyumu, Son Moix, 23.142 ki\u015filik kapasiteye sahiptir. Kul\u00fcb\u00fcn renkleri, beyaz ve mavi olarak tan\u0131mlan\u0131r. Kul\u00fcb\u00fcn retro formas\u0131, mavi ve beyaz renklerin kar\u0131\u015f\u0131m\u0131ndan olu\u015fur ve klasik bir g\u00f6r\u00fcn\u00fcme sahiptir. Forma, kul\u00fcb\u00fcn kurulu\u015f y\u0131l\u0131 olan 1907 y\u0131l\u0131n\u0131n yaz\u0131s\u0131yla s\u00fcslenmi\u015ftir.<\/p>\n<p>&nbsp;<\/p>\n<p>&nbsp;<\/p>\n<p>Stadyum: Visit Mallorca Estadi<\/p>\n<p>Adres: Cam\u00ed dels Reis, Palma de Mallorca<\/p>\n<p>Kapasite: 23142<\/p>\n<p><img decoding=\"async\" src=\"https:\/\/media.api-sports.io\/football\/venues\/12597.png\" \/><\/p>\n<p>&nbsp;<\/p>\n<p>Temelde: 1916<\/p>\n","protected":false},"excerpt":{"rendered":"<p>Retro Jersey ve Kul\u00fcb\u00fc hakk\u0131nda<\/p>\n<p>Mallorca, retro jersey ve kul\u00fcb\u00fc hakk\u0131nda \u00e7ok \u015fey s\u00f6ylemek m\u00fcmk\u00fcn. Mallorca, \u0130spanya&#8217;n\u0131n en \u00f6nemli tak\u0131mlar\u0131ndan biri olarak, \u00e7ok say\u0131da taraftar\u0131n\u0131n deste\u011fini almaktad\u0131r. Mallorca&#8217;n\u0131n retro jerseyleri, taraftarlar\u0131n\u0131n kul\u00fcb\u00fcn\u00fc desteklemelerini sa\u011flamak i\u00e7in tasarlan<\/p>\n","protected":false},"author":1,"featured_media":203,"parent":162,"menu_order":0,"comment_status":"open","ping_status":"open","template":"","meta":{"inline_featured_image":false,"footnotes":""},"class_list":["post-202","page","type-page","status-publish","has-post-thumbnail","hentry"],"yoast_head":"<!-- This site is optimized with the Yoast SEO plugin v20.0 - https:\/\/yoast.com\/wordpress\/plugins\/seo\/ -->\n<title>Retro Mallorca forma. Ceket \/ formas\u0131<\/title>\n<meta name=\"description\" content=\"Mallorca Futbol Kul\u00fcb\u00fc&#039;nden \u00f6zel retro forma ve aksesuarlar\u0131n\u0131n keyfini \u00e7\u0131kar\u0131n! G\u00fcvenli al\u0131\u015fveri\u015f, h\u0131zl\u0131 kargo ve uygun fiyatlarla Mallorca&#039;n\u0131n en iyi se\u00e7eneklerini ke\u015ffedin.\" \/>\n<meta name=\"robots\" content=\"index, follow, max-snippet:-1, max-image-preview:large, max-video-preview:-1\" \/>\n<link rel=\"canonical\" href=\"https:\/\/retro-forma.com\/tr\/ispanya\/mallorca\/\" \/>\n<meta property=\"og:locale\" content=\"da_DK\" \/>\n<meta property=\"og:type\" content=\"article\" \/>\n<meta property=\"og:title\" content=\"Retro Mallorca forma. Ceket \/ formas\u0131\" \/>\n<meta property=\"og:description\" content=\"Mallorca Futbol Kul\u00fcb\u00fc&#039;nden \u00f6zel retro forma ve aksesuarlar\u0131n\u0131n keyfini \u00e7\u0131kar\u0131n! G\u00fcvenli al\u0131\u015fveri\u015f, h\u0131zl\u0131 kargo ve uygun fiyatlarla Mallorca&#039;n\u0131n en iyi se\u00e7eneklerini ke\u015ffedin.\" \/>\n<meta property=\"og:url\" content=\"https:\/\/retro-forma.com\/tr\/ispanya\/mallorca\/\" \/>\n<meta property=\"og:site_name\" content=\"Retro Forma\" \/>\n<meta property=\"og:image\" content=\"https:\/\/retro-forma.com\/tr\/wp-content\/uploads\/2023\/02\/798.png\" \/>\n\t<meta property=\"og:image:width\" content=\"150\" \/>\n\t<meta property=\"og:image:height\" content=\"150\" \/>\n\t<meta property=\"og:image:type\" content=\"image\/png\" \/>\n<meta name=\"twitter:card\" content=\"summary_large_image\" \/>\n<script type=\"application\/ld+json\" class=\"yoast-schema-graph\">{\"@context\":\"https:\/\/schema.org\",\"@graph\":[{\"@type\":\"WebPage\",\"@id\":\"https:\/\/retro-forma.com\/tr\/ispanya\/mallorca\/\",\"url\":\"https:\/\/retro-forma.com\/tr\/ispanya\/mallorca\/\",\"name\":\"Retro Mallorca forma. Ceket \/ formas\u0131\",\"isPartOf\":{\"@id\":\"https:\/\/retro-forma.com\/tr\/#website\"},\"datePublished\":\"2023-02-11T10:39:17+00:00\",\"dateModified\":\"2023-02-11T10:39:17+00:00\",\"description\":\"Mallorca Futbol Kul\u00fcb\u00fc'nden \u00f6zel retro forma ve aksesuarlar\u0131n\u0131n keyfini \u00e7\u0131kar\u0131n! G\u00fcvenli al\u0131\u015fveri\u015f, h\u0131zl\u0131 kargo ve uygun fiyatlarla Mallorca'n\u0131n en iyi se\u00e7eneklerini ke\u015ffedin.\",\"breadcrumb\":{\"@id\":\"https:\/\/retro-forma.com\/tr\/ispanya\/mallorca\/#breadcrumb\"},\"inLanguage\":\"da-DK\",\"potentialAction\":[{\"@type\":\"ReadAction\",\"target\":[\"https:\/\/retro-forma.com\/tr\/ispanya\/mallorca\/\"]}]},{\"@type\":\"BreadcrumbList\",\"@id\":\"https:\/\/retro-forma.com\/tr\/ispanya\/mallorca\/#breadcrumb\",\"itemListElement\":[{\"@type\":\"ListItem\",\"position\":1,\"name\":\"Hjem\",\"item\":\"https:\/\/retro-forma.com\/tr\/\"},{\"@type\":\"ListItem\",\"position\":2,\"name\":\"ispanya\",\"item\":\"https:\/\/retro-forma.com\/tr\/ispanya\/\"},{\"@type\":\"ListItem\",\"position\":3,\"name\":\"Mallorca\"}]},{\"@type\":\"WebSite\",\"@id\":\"https:\/\/retro-forma.com\/tr\/#website\",\"url\":\"https:\/\/retro-forma.com\/tr\/\",\"name\":\"Retro Forma\",\"description\":\"\",\"publisher\":{\"@id\":\"https:\/\/retro-forma.com\/tr\/#organization\"},\"potentialAction\":[{\"@type\":\"SearchAction\",\"target\":{\"@type\":\"EntryPoint\",\"urlTemplate\":\"https:\/\/retro-forma.com\/tr\/?s={search_term_string}\"},\"query-input\":\"required name=search_term_string\"}],\"inLanguage\":\"da-DK\"},{\"@type\":\"Organization\",\"@id\":\"https:\/\/retro-forma.com\/tr\/#organization\",\"name\":\"Retro Forma\",\"url\":\"https:\/\/retro-forma.com\/tr\/\",\"logo\":{\"@type\":\"ImageObject\",\"inLanguage\":\"da-DK\",\"@id\":\"https:\/\/retro-forma.com\/tr\/#\/schema\/logo\/image\/\",\"url\":\"https:\/\/retro-forma.com\/tr\/wp-content\/uploads\/2023\/02\/Retro-troeje.png\",\"contentUrl\":\"https:\/\/retro-forma.com\/tr\/wp-content\/uploads\/2023\/02\/Retro-troeje.png\",\"width\":250,\"height\":100,\"caption\":\"Retro Forma\"},\"image\":{\"@id\":\"https:\/\/retro-forma.com\/tr\/#\/schema\/logo\/image\/\"}}]}<\/script>\n<!-- \/ Yoast SEO plugin. -->","yoast_head_json":{"title":"Retro Mallorca forma. Ceket \/ formas\u0131","description":"Mallorca Futbol Kul\u00fcb\u00fc'nden \u00f6zel retro forma ve aksesuarlar\u0131n\u0131n keyfini \u00e7\u0131kar\u0131n! G\u00fcvenli al\u0131\u015fveri\u015f, h\u0131zl\u0131 kargo ve uygun fiyatlarla Mallorca'n\u0131n en iyi se\u00e7eneklerini ke\u015ffedin.","robots":{"index":"index","follow":"follow","max-snippet":"max-snippet:-1","max-image-preview":"max-image-preview:large","max-video-preview":"max-video-preview:-1"},"canonical":"https:\/\/retro-forma.com\/tr\/ispanya\/mallorca\/","og_locale":"da_DK","og_type":"article","og_title":"Retro Mallorca forma. Ceket \/ formas\u0131","og_description":"Mallorca Futbol Kul\u00fcb\u00fc'nden \u00f6zel retro forma ve aksesuarlar\u0131n\u0131n keyfini \u00e7\u0131kar\u0131n! G\u00fcvenli al\u0131\u015fveri\u015f, h\u0131zl\u0131 kargo ve uygun fiyatlarla Mallorca'n\u0131n en iyi se\u00e7eneklerini ke\u015ffedin.","og_url":"https:\/\/retro-forma.com\/tr\/ispanya\/mallorca\/","og_site_name":"Retro Forma","og_image":[{"width":150,"height":150,"url":"https:\/\/retro-forma.com\/tr\/wp-content\/uploads\/2023\/02\/798.png","type":"image\/png"}],"twitter_card":"summary_large_image","schema":{"@context":"https:\/\/schema.org","@graph":[{"@type":"WebPage","@id":"https:\/\/retro-forma.com\/tr\/ispanya\/mallorca\/","url":"https:\/\/retro-forma.com\/tr\/ispanya\/mallorca\/","name":"Retro Mallorca forma. Ceket \/ formas\u0131","isPartOf":{"@id":"https:\/\/retro-forma.com\/tr\/#website"},"datePublished":"2023-02-11T10:39:17+00:00","dateModified":"2023-02-11T10:39:17+00:00","description":"Mallorca Futbol Kul\u00fcb\u00fc'nden \u00f6zel retro forma ve aksesuarlar\u0131n\u0131n keyfini \u00e7\u0131kar\u0131n! G\u00fcvenli al\u0131\u015fveri\u015f, h\u0131zl\u0131 kargo ve uygun fiyatlarla Mallorca'n\u0131n en iyi se\u00e7eneklerini ke\u015ffedin.","breadcrumb":{"@id":"https:\/\/retro-forma.com\/tr\/ispanya\/mallorca\/#breadcrumb"},"inLanguage":"da-DK","potentialAction":[{"@type":"ReadAction","target":["https:\/\/retro-forma.com\/tr\/ispanya\/mallorca\/"]}]},{"@type":"BreadcrumbList","@id":"https:\/\/retro-forma.com\/tr\/ispanya\/mallorca\/#breadcrumb","itemListElement":[{"@type":"ListItem","position":1,"name":"Hjem","item":"https:\/\/retro-forma.com\/tr\/"},{"@type":"ListItem","position":2,"name":"ispanya","item":"https:\/\/retro-forma.com\/tr\/ispanya\/"},{"@type":"ListItem","position":3,"name":"Mallorca"}]},{"@type":"WebSite","@id":"https:\/\/retro-forma.com\/tr\/#website","url":"https:\/\/retro-forma.com\/tr\/","name":"Retro Forma","description":"","publisher":{"@id":"https:\/\/retro-forma.com\/tr\/#organization"},"potentialAction":[{"@type":"SearchAction","target":{"@type":"EntryPoint","urlTemplate":"https:\/\/retro-forma.com\/tr\/?s={search_term_string}"},"query-input":"required name=search_term_string"}],"inLanguage":"da-DK"},{"@type":"Organization","@id":"https:\/\/retro-forma.com\/tr\/#organization","name":"Retro Forma","url":"https:\/\/retro-forma.com\/tr\/","logo":{"@type":"ImageObject","inLanguage":"da-DK","@id":"https:\/\/retro-forma.com\/tr\/#\/schema\/logo\/image\/","url":"https:\/\/retro-forma.com\/tr\/wp-content\/uploads\/2023\/02\/Retro-troeje.png","contentUrl":"https:\/\/retro-forma.com\/tr\/wp-content\/uploads\/2023\/02\/Retro-troeje.png","width":250,"height":100,"caption":"Retro Forma"},"image":{"@id":"https:\/\/retro-forma.com\/tr\/#\/schema\/logo\/image\/"}}]}},"_links":{"self":[{"href":"https:\/\/retro-forma.com\/tr\/wp-json\/wp\/v2\/pages\/202","targetHints":{"allow":["GET"]}}],"collection":[{"href":"https:\/\/retro-forma.com\/tr\/wp-json\/wp\/v2\/pages"}],"about":[{"href":"https:\/\/retro-forma.com\/tr\/wp-json\/wp\/v2\/types\/page"}],"author":[{"embeddable":true,"href":"https:\/\/retro-forma.com\/tr\/wp-json\/wp\/v2\/users\/1"}],"replies":[{"embeddable":true,"href":"https:\/\/retro-forma.com\/tr\/wp-json\/wp\/v2\/comments?post=202"}],"version-history":[{"count":0,"href":"https:\/\/retro-forma.com\/tr\/wp-json\/wp\/v2\/pages\/202\/revisions"}],"up":[{"embeddable":true,"href":"https:\/\/retro-forma.com\/tr\/wp-json\/wp\/v2\/pages\/162"}],"wp:featuredmedia":[{"embeddable":true,"href":"https:\/\/retro-forma.com\/tr\/wp-json\/wp\/v2\/media\/203"}],"wp:attachment":[{"href":"https:\/\/retro-forma.com\/tr\/wp-json\/wp\/v2\/media?parent=202"}],"curies":[{"name":"wp","href":"https:\/\/api.w.org\/{rel}","templated":true}]}}