{"id":200,"date":"2023-02-11T10:39:17","date_gmt":"2023-02-11T10:39:17","guid":{"rendered":"https:\/\/retro-forma.com\/tr\/ispanya\/elche\/"},"modified":"2023-02-11T10:39:17","modified_gmt":"2023-02-11T10:39:17","slug":"elche","status":"publish","type":"page","link":"https:\/\/retro-forma.com\/tr\/ispanya\/elche\/","title":{"rendered":"Elche"},"content":{"rendered":"<p>Elche, 1907 y\u0131l\u0131nda kurulmu\u015f bir \u0130spanyol futbol kul\u00fcb\u00fcd\u00fcr. Elche, Estadio Manuel Mart\u00ednez Valero&#8217;da m\u00fccadele eder ve stad\u0131n kapasitesi 33.732&#8217;dir. Kul\u00fcb\u00fcn retro formas\u0131, beyaz ve siyah renkleriyle \u00f6ne \u00e7\u0131kar. Forma, kul\u00fcb\u00fcn kurulu\u015fundan bu yana kullan\u0131lan renkleri ta\u015f\u0131yor ve kul\u00fcb\u00fcn tarihini yans\u0131t\u0131yor.<\/p>\n<p>&nbsp;<\/p>\n<p>&nbsp;<\/p>\n<p>Stadyum: Estadio Manuel Mart\u00ednez Valero<\/p>\n<p>Adres: Avenida Manuel Mart\u00ednez Valero 3, Elche<\/p>\n<p>Kapasite: 36017<\/p>\n<p><img decoding=\"async\" src=\"https:\/\/media.api-sports.io\/football\/venues\/1473.png\" \/><\/p>\n<p>&nbsp;<\/p>\n<p>Temelde: 1923<\/p>\n","protected":false},"excerpt":{"rendered":"<p>Retro Jersey ve Kul\u00fcp<\/p>\n<p>Elche, \u0130spanya&#8217;da bulunan bir futbol kul\u00fcb\u00fcd\u00fcr. Elche, tarihi bir kul\u00fcp olarak, \u00e7ok say\u0131da taraftar\u0131n\u0131n deste\u011fini almaktad\u0131r. Elche, taraftarlar\u0131na \u00f6zel olarak \u00fcretilen retro forma ve \u00fcr\u00fcnler sunmaktad\u0131r. Elche, taraftarlar\u0131n\u0131n kul\u00fcb\u00fcn\u00fc desteklemelerini sa\u011flamak i\u00e7in \u00e7e\u015fitli k<\/p>\n","protected":false},"author":1,"featured_media":201,"parent":162,"menu_order":0,"comment_status":"open","ping_status":"open","template":"","meta":{"inline_featured_image":false,"footnotes":""},"class_list":["post-200","page","type-page","status-publish","has-post-thumbnail","hentry"],"yoast_head":"<!-- This site is optimized with the Yoast SEO plugin v20.0 - https:\/\/yoast.com\/wordpress\/plugins\/seo\/ -->\n<title>Retro Elche forma. Ceket \/ formas\u0131<\/title>\n<meta name=\"description\" content=\"Elche Futbol Kul\u00fcb\u00fc&#039;nden klasik retro forma ve aksesuarlar\u0131 sat\u0131n al\u0131n. En sevdi\u011finiz tak\u0131m\u0131n renkleriyle gurur duyun ve Elche&#039;nin k\u00f6kl\u00fc tarihini ta\u00e7land\u0131r\u0131n!\" \/>\n<meta name=\"robots\" content=\"index, follow, max-snippet:-1, max-image-preview:large, max-video-preview:-1\" \/>\n<link rel=\"canonical\" href=\"https:\/\/retro-forma.com\/tr\/ispanya\/elche\/\" \/>\n<meta property=\"og:locale\" content=\"da_DK\" \/>\n<meta property=\"og:type\" content=\"article\" \/>\n<meta property=\"og:title\" content=\"Retro Elche forma. Ceket \/ formas\u0131\" \/>\n<meta property=\"og:description\" content=\"Elche Futbol Kul\u00fcb\u00fc&#039;nden klasik retro forma ve aksesuarlar\u0131 sat\u0131n al\u0131n. En sevdi\u011finiz tak\u0131m\u0131n renkleriyle gurur duyun ve Elche&#039;nin k\u00f6kl\u00fc tarihini ta\u00e7land\u0131r\u0131n!\" \/>\n<meta property=\"og:url\" content=\"https:\/\/retro-forma.com\/tr\/ispanya\/elche\/\" \/>\n<meta property=\"og:site_name\" content=\"Retro Forma\" \/>\n<meta property=\"og:image\" content=\"https:\/\/retro-forma.com\/tr\/wp-content\/uploads\/2023\/02\/797.png\" \/>\n\t<meta property=\"og:image:width\" content=\"150\" \/>\n\t<meta property=\"og:image:height\" content=\"150\" \/>\n\t<meta property=\"og:image:type\" content=\"image\/png\" \/>\n<meta name=\"twitter:card\" content=\"summary_large_image\" \/>\n<script type=\"application\/ld+json\" class=\"yoast-schema-graph\">{\"@context\":\"https:\/\/schema.org\",\"@graph\":[{\"@type\":\"WebPage\",\"@id\":\"https:\/\/retro-forma.com\/tr\/ispanya\/elche\/\",\"url\":\"https:\/\/retro-forma.com\/tr\/ispanya\/elche\/\",\"name\":\"Retro Elche forma. Ceket \/ formas\u0131\",\"isPartOf\":{\"@id\":\"https:\/\/retro-forma.com\/tr\/#website\"},\"datePublished\":\"2023-02-11T10:39:17+00:00\",\"dateModified\":\"2023-02-11T10:39:17+00:00\",\"description\":\"Elche Futbol Kul\u00fcb\u00fc'nden klasik retro forma ve aksesuarlar\u0131 sat\u0131n al\u0131n. En sevdi\u011finiz tak\u0131m\u0131n renkleriyle gurur duyun ve Elche'nin k\u00f6kl\u00fc tarihini ta\u00e7land\u0131r\u0131n!\",\"breadcrumb\":{\"@id\":\"https:\/\/retro-forma.com\/tr\/ispanya\/elche\/#breadcrumb\"},\"inLanguage\":\"da-DK\",\"potentialAction\":[{\"@type\":\"ReadAction\",\"target\":[\"https:\/\/retro-forma.com\/tr\/ispanya\/elche\/\"]}]},{\"@type\":\"BreadcrumbList\",\"@id\":\"https:\/\/retro-forma.com\/tr\/ispanya\/elche\/#breadcrumb\",\"itemListElement\":[{\"@type\":\"ListItem\",\"position\":1,\"name\":\"Hjem\",\"item\":\"https:\/\/retro-forma.com\/tr\/\"},{\"@type\":\"ListItem\",\"position\":2,\"name\":\"ispanya\",\"item\":\"https:\/\/retro-forma.com\/tr\/ispanya\/\"},{\"@type\":\"ListItem\",\"position\":3,\"name\":\"Elche\"}]},{\"@type\":\"WebSite\",\"@id\":\"https:\/\/retro-forma.com\/tr\/#website\",\"url\":\"https:\/\/retro-forma.com\/tr\/\",\"name\":\"Retro Forma\",\"description\":\"\",\"publisher\":{\"@id\":\"https:\/\/retro-forma.com\/tr\/#organization\"},\"potentialAction\":[{\"@type\":\"SearchAction\",\"target\":{\"@type\":\"EntryPoint\",\"urlTemplate\":\"https:\/\/retro-forma.com\/tr\/?s={search_term_string}\"},\"query-input\":\"required name=search_term_string\"}],\"inLanguage\":\"da-DK\"},{\"@type\":\"Organization\",\"@id\":\"https:\/\/retro-forma.com\/tr\/#organization\",\"name\":\"Retro Forma\",\"url\":\"https:\/\/retro-forma.com\/tr\/\",\"logo\":{\"@type\":\"ImageObject\",\"inLanguage\":\"da-DK\",\"@id\":\"https:\/\/retro-forma.com\/tr\/#\/schema\/logo\/image\/\",\"url\":\"https:\/\/retro-forma.com\/tr\/wp-content\/uploads\/2023\/02\/Retro-troeje.png\",\"contentUrl\":\"https:\/\/retro-forma.com\/tr\/wp-content\/uploads\/2023\/02\/Retro-troeje.png\",\"width\":250,\"height\":100,\"caption\":\"Retro Forma\"},\"image\":{\"@id\":\"https:\/\/retro-forma.com\/tr\/#\/schema\/logo\/image\/\"}}]}<\/script>\n<!-- \/ Yoast SEO plugin. -->","yoast_head_json":{"title":"Retro Elche forma. Ceket \/ formas\u0131","description":"Elche Futbol Kul\u00fcb\u00fc'nden klasik retro forma ve aksesuarlar\u0131 sat\u0131n al\u0131n. En sevdi\u011finiz tak\u0131m\u0131n renkleriyle gurur duyun ve Elche'nin k\u00f6kl\u00fc tarihini ta\u00e7land\u0131r\u0131n!","robots":{"index":"index","follow":"follow","max-snippet":"max-snippet:-1","max-image-preview":"max-image-preview:large","max-video-preview":"max-video-preview:-1"},"canonical":"https:\/\/retro-forma.com\/tr\/ispanya\/elche\/","og_locale":"da_DK","og_type":"article","og_title":"Retro Elche forma. Ceket \/ formas\u0131","og_description":"Elche Futbol Kul\u00fcb\u00fc'nden klasik retro forma ve aksesuarlar\u0131 sat\u0131n al\u0131n. En sevdi\u011finiz tak\u0131m\u0131n renkleriyle gurur duyun ve Elche'nin k\u00f6kl\u00fc tarihini ta\u00e7land\u0131r\u0131n!","og_url":"https:\/\/retro-forma.com\/tr\/ispanya\/elche\/","og_site_name":"Retro Forma","og_image":[{"width":150,"height":150,"url":"https:\/\/retro-forma.com\/tr\/wp-content\/uploads\/2023\/02\/797.png","type":"image\/png"}],"twitter_card":"summary_large_image","schema":{"@context":"https:\/\/schema.org","@graph":[{"@type":"WebPage","@id":"https:\/\/retro-forma.com\/tr\/ispanya\/elche\/","url":"https:\/\/retro-forma.com\/tr\/ispanya\/elche\/","name":"Retro Elche forma. Ceket \/ formas\u0131","isPartOf":{"@id":"https:\/\/retro-forma.com\/tr\/#website"},"datePublished":"2023-02-11T10:39:17+00:00","dateModified":"2023-02-11T10:39:17+00:00","description":"Elche Futbol Kul\u00fcb\u00fc'nden klasik retro forma ve aksesuarlar\u0131 sat\u0131n al\u0131n. En sevdi\u011finiz tak\u0131m\u0131n renkleriyle gurur duyun ve Elche'nin k\u00f6kl\u00fc tarihini ta\u00e7land\u0131r\u0131n!","breadcrumb":{"@id":"https:\/\/retro-forma.com\/tr\/ispanya\/elche\/#breadcrumb"},"inLanguage":"da-DK","potentialAction":[{"@type":"ReadAction","target":["https:\/\/retro-forma.com\/tr\/ispanya\/elche\/"]}]},{"@type":"BreadcrumbList","@id":"https:\/\/retro-forma.com\/tr\/ispanya\/elche\/#breadcrumb","itemListElement":[{"@type":"ListItem","position":1,"name":"Hjem","item":"https:\/\/retro-forma.com\/tr\/"},{"@type":"ListItem","position":2,"name":"ispanya","item":"https:\/\/retro-forma.com\/tr\/ispanya\/"},{"@type":"ListItem","position":3,"name":"Elche"}]},{"@type":"WebSite","@id":"https:\/\/retro-forma.com\/tr\/#website","url":"https:\/\/retro-forma.com\/tr\/","name":"Retro Forma","description":"","publisher":{"@id":"https:\/\/retro-forma.com\/tr\/#organization"},"potentialAction":[{"@type":"SearchAction","target":{"@type":"EntryPoint","urlTemplate":"https:\/\/retro-forma.com\/tr\/?s={search_term_string}"},"query-input":"required name=search_term_string"}],"inLanguage":"da-DK"},{"@type":"Organization","@id":"https:\/\/retro-forma.com\/tr\/#organization","name":"Retro Forma","url":"https:\/\/retro-forma.com\/tr\/","logo":{"@type":"ImageObject","inLanguage":"da-DK","@id":"https:\/\/retro-forma.com\/tr\/#\/schema\/logo\/image\/","url":"https:\/\/retro-forma.com\/tr\/wp-content\/uploads\/2023\/02\/Retro-troeje.png","contentUrl":"https:\/\/retro-forma.com\/tr\/wp-content\/uploads\/2023\/02\/Retro-troeje.png","width":250,"height":100,"caption":"Retro Forma"},"image":{"@id":"https:\/\/retro-forma.com\/tr\/#\/schema\/logo\/image\/"}}]}},"_links":{"self":[{"href":"https:\/\/retro-forma.com\/tr\/wp-json\/wp\/v2\/pages\/200","targetHints":{"allow":["GET"]}}],"collection":[{"href":"https:\/\/retro-forma.com\/tr\/wp-json\/wp\/v2\/pages"}],"about":[{"href":"https:\/\/retro-forma.com\/tr\/wp-json\/wp\/v2\/types\/page"}],"author":[{"embeddable":true,"href":"https:\/\/retro-forma.com\/tr\/wp-json\/wp\/v2\/users\/1"}],"replies":[{"embeddable":true,"href":"https:\/\/retro-forma.com\/tr\/wp-json\/wp\/v2\/comments?post=200"}],"version-history":[{"count":0,"href":"https:\/\/retro-forma.com\/tr\/wp-json\/wp\/v2\/pages\/200\/revisions"}],"up":[{"embeddable":true,"href":"https:\/\/retro-forma.com\/tr\/wp-json\/wp\/v2\/pages\/162"}],"wp:featuredmedia":[{"embeddable":true,"href":"https:\/\/retro-forma.com\/tr\/wp-json\/wp\/v2\/media\/201"}],"wp:attachment":[{"href":"https:\/\/retro-forma.com\/tr\/wp-json\/wp\/v2\/media?parent=200"}],"curies":[{"name":"wp","href":"https:\/\/api.w.org\/{rel}","templated":true}]}}