{"id":198,"date":"2023-02-11T10:39:17","date_gmt":"2023-02-11T10:39:17","guid":{"rendered":"https:\/\/retro-forma.com\/tr\/ispanya\/rayo-vallecano\/"},"modified":"2023-02-11T10:39:17","modified_gmt":"2023-02-11T10:39:17","slug":"rayo-vallecano","status":"publish","type":"page","link":"https:\/\/retro-forma.com\/tr\/ispanya\/rayo-vallecano\/","title":{"rendered":"Rayo Vallecano"},"content":{"rendered":"<p>Rayo Vallecano, \u0130spanya&#8217;da Madrid&#8217;in kuzeyinde bulunan bir futbol kul\u00fcb\u00fcd\u00fcr. Kul\u00fcp, 1924 y\u0131l\u0131nda kurulmu\u015ftur ve Vallecas Stadyumu&#8217;nda oynayan tak\u0131m, mavi-beyaz renklerindeki k\u0131yafetleriyle tan\u0131n\u0131r. Stadyum kapasitesi 15.500 ki\u015fidir ve tak\u0131m, La Liga ve Segunda Divisi\u00f3n&#8217;da m\u00fccadele etmektedir. Retro \u00fcniforma, kul\u00fcb\u00fcn kurulu\u015fundan bu yana kullan\u0131lan mavi-beyaz renklerinden olu\u015fur.<\/p>\n<p>&nbsp;<\/p>\n<p>&nbsp;<\/p>\n<p>Stadyum: Estadio de Vallecas<\/p>\n<p>Adres: Calle Payaso Fof\u00f3, Madrid<\/p>\n<p>Kapasite: 15500<\/p>\n<p><img decoding=\"async\" src=\"https:\/\/media.api-sports.io\/football\/venues\/1488.png\" \/><\/p>\n<p>&nbsp;<\/p>\n<p>Temelde: 1924<\/p>\n","protected":false},"excerpt":{"rendered":"<p>Retro Jersey ve Kul\u00fcp<\/p>\n<p>Rayo Vallecano, \u0130spanya&#8217;n\u0131n Madrid \u015fehrinde bulunan bir futbol kul\u00fcb\u00fcd\u00fcr. Rayo Vallecano, kul\u00fcb\u00fcn k\u00f6kl\u00fc tarihinden esinlenerek, klasik retro g\u00f6r\u00fcn\u00fcml\u00fc bir forma tasarlad\u0131. Bu forma, kul\u00fcb\u00fcn k\u00f6kl\u00fc tarihini ve k\u00fclt\u00fcr\u00fcn\u00fc yans\u0131t\u0131yor. Rayo Vallecano, kul\u00fcb\u00fcn tarihinde \u00f6nemli ba\u015far\u0131lar<\/p>\n","protected":false},"author":1,"featured_media":199,"parent":162,"menu_order":0,"comment_status":"open","ping_status":"open","template":"","meta":{"inline_featured_image":false,"footnotes":""},"class_list":["post-198","page","type-page","status-publish","has-post-thumbnail","hentry"],"yoast_head":"<!-- This site is optimized with the Yoast SEO plugin v20.0 - https:\/\/yoast.com\/wordpress\/plugins\/seo\/ -->\n<title>Retro Rayo Vallecano forma. Ceket \/ formas\u0131<\/title>\n<meta name=\"description\" content=\"Retro kul\u00fcp formas\u0131n\u0131n klasik tarz\u0131n\u0131n tad\u0131n\u0131 \u00e7\u0131kar\u0131n! Rayo Vallecano&#039;da klasik tasar\u0131mlar\u0131n ve kul\u00fcp tarihinin tad\u0131n\u0131 \u00e7\u0131kar\u0131n.\" \/>\n<meta name=\"robots\" content=\"index, follow, max-snippet:-1, max-image-preview:large, max-video-preview:-1\" \/>\n<link rel=\"canonical\" href=\"https:\/\/retro-forma.com\/tr\/ispanya\/rayo-vallecano\/\" \/>\n<meta property=\"og:locale\" content=\"da_DK\" \/>\n<meta property=\"og:type\" content=\"article\" \/>\n<meta property=\"og:title\" content=\"Retro Rayo Vallecano forma. Ceket \/ formas\u0131\" \/>\n<meta property=\"og:description\" content=\"Retro kul\u00fcp formas\u0131n\u0131n klasik tarz\u0131n\u0131n tad\u0131n\u0131 \u00e7\u0131kar\u0131n! Rayo Vallecano&#039;da klasik tasar\u0131mlar\u0131n ve kul\u00fcp tarihinin tad\u0131n\u0131 \u00e7\u0131kar\u0131n.\" \/>\n<meta property=\"og:url\" content=\"https:\/\/retro-forma.com\/tr\/ispanya\/rayo-vallecano\/\" \/>\n<meta property=\"og:site_name\" content=\"Retro Forma\" \/>\n<meta property=\"og:image\" content=\"https:\/\/retro-forma.com\/tr\/wp-content\/uploads\/2023\/02\/728.png\" \/>\n\t<meta property=\"og:image:width\" content=\"150\" \/>\n\t<meta property=\"og:image:height\" content=\"150\" \/>\n\t<meta property=\"og:image:type\" content=\"image\/png\" \/>\n<meta name=\"twitter:card\" content=\"summary_large_image\" \/>\n<script type=\"application\/ld+json\" class=\"yoast-schema-graph\">{\"@context\":\"https:\/\/schema.org\",\"@graph\":[{\"@type\":\"WebPage\",\"@id\":\"https:\/\/retro-forma.com\/tr\/ispanya\/rayo-vallecano\/\",\"url\":\"https:\/\/retro-forma.com\/tr\/ispanya\/rayo-vallecano\/\",\"name\":\"Retro Rayo Vallecano forma. Ceket \/ formas\u0131\",\"isPartOf\":{\"@id\":\"https:\/\/retro-forma.com\/tr\/#website\"},\"datePublished\":\"2023-02-11T10:39:17+00:00\",\"dateModified\":\"2023-02-11T10:39:17+00:00\",\"description\":\"Retro kul\u00fcp formas\u0131n\u0131n klasik tarz\u0131n\u0131n tad\u0131n\u0131 \u00e7\u0131kar\u0131n! Rayo Vallecano'da klasik tasar\u0131mlar\u0131n ve kul\u00fcp tarihinin tad\u0131n\u0131 \u00e7\u0131kar\u0131n.\",\"breadcrumb\":{\"@id\":\"https:\/\/retro-forma.com\/tr\/ispanya\/rayo-vallecano\/#breadcrumb\"},\"inLanguage\":\"da-DK\",\"potentialAction\":[{\"@type\":\"ReadAction\",\"target\":[\"https:\/\/retro-forma.com\/tr\/ispanya\/rayo-vallecano\/\"]}]},{\"@type\":\"BreadcrumbList\",\"@id\":\"https:\/\/retro-forma.com\/tr\/ispanya\/rayo-vallecano\/#breadcrumb\",\"itemListElement\":[{\"@type\":\"ListItem\",\"position\":1,\"name\":\"Hjem\",\"item\":\"https:\/\/retro-forma.com\/tr\/\"},{\"@type\":\"ListItem\",\"position\":2,\"name\":\"ispanya\",\"item\":\"https:\/\/retro-forma.com\/tr\/ispanya\/\"},{\"@type\":\"ListItem\",\"position\":3,\"name\":\"Rayo Vallecano\"}]},{\"@type\":\"WebSite\",\"@id\":\"https:\/\/retro-forma.com\/tr\/#website\",\"url\":\"https:\/\/retro-forma.com\/tr\/\",\"name\":\"Retro Forma\",\"description\":\"\",\"publisher\":{\"@id\":\"https:\/\/retro-forma.com\/tr\/#organization\"},\"potentialAction\":[{\"@type\":\"SearchAction\",\"target\":{\"@type\":\"EntryPoint\",\"urlTemplate\":\"https:\/\/retro-forma.com\/tr\/?s={search_term_string}\"},\"query-input\":\"required name=search_term_string\"}],\"inLanguage\":\"da-DK\"},{\"@type\":\"Organization\",\"@id\":\"https:\/\/retro-forma.com\/tr\/#organization\",\"name\":\"Retro Forma\",\"url\":\"https:\/\/retro-forma.com\/tr\/\",\"logo\":{\"@type\":\"ImageObject\",\"inLanguage\":\"da-DK\",\"@id\":\"https:\/\/retro-forma.com\/tr\/#\/schema\/logo\/image\/\",\"url\":\"https:\/\/retro-forma.com\/tr\/wp-content\/uploads\/2023\/02\/Retro-troeje.png\",\"contentUrl\":\"https:\/\/retro-forma.com\/tr\/wp-content\/uploads\/2023\/02\/Retro-troeje.png\",\"width\":250,\"height\":100,\"caption\":\"Retro Forma\"},\"image\":{\"@id\":\"https:\/\/retro-forma.com\/tr\/#\/schema\/logo\/image\/\"}}]}<\/script>\n<!-- \/ Yoast SEO plugin. -->","yoast_head_json":{"title":"Retro Rayo Vallecano forma. Ceket \/ formas\u0131","description":"Retro kul\u00fcp formas\u0131n\u0131n klasik tarz\u0131n\u0131n tad\u0131n\u0131 \u00e7\u0131kar\u0131n! Rayo Vallecano'da klasik tasar\u0131mlar\u0131n ve kul\u00fcp tarihinin tad\u0131n\u0131 \u00e7\u0131kar\u0131n.","robots":{"index":"index","follow":"follow","max-snippet":"max-snippet:-1","max-image-preview":"max-image-preview:large","max-video-preview":"max-video-preview:-1"},"canonical":"https:\/\/retro-forma.com\/tr\/ispanya\/rayo-vallecano\/","og_locale":"da_DK","og_type":"article","og_title":"Retro Rayo Vallecano forma. Ceket \/ formas\u0131","og_description":"Retro kul\u00fcp formas\u0131n\u0131n klasik tarz\u0131n\u0131n tad\u0131n\u0131 \u00e7\u0131kar\u0131n! Rayo Vallecano'da klasik tasar\u0131mlar\u0131n ve kul\u00fcp tarihinin tad\u0131n\u0131 \u00e7\u0131kar\u0131n.","og_url":"https:\/\/retro-forma.com\/tr\/ispanya\/rayo-vallecano\/","og_site_name":"Retro Forma","og_image":[{"width":150,"height":150,"url":"https:\/\/retro-forma.com\/tr\/wp-content\/uploads\/2023\/02\/728.png","type":"image\/png"}],"twitter_card":"summary_large_image","schema":{"@context":"https:\/\/schema.org","@graph":[{"@type":"WebPage","@id":"https:\/\/retro-forma.com\/tr\/ispanya\/rayo-vallecano\/","url":"https:\/\/retro-forma.com\/tr\/ispanya\/rayo-vallecano\/","name":"Retro Rayo Vallecano forma. Ceket \/ formas\u0131","isPartOf":{"@id":"https:\/\/retro-forma.com\/tr\/#website"},"datePublished":"2023-02-11T10:39:17+00:00","dateModified":"2023-02-11T10:39:17+00:00","description":"Retro kul\u00fcp formas\u0131n\u0131n klasik tarz\u0131n\u0131n tad\u0131n\u0131 \u00e7\u0131kar\u0131n! Rayo Vallecano'da klasik tasar\u0131mlar\u0131n ve kul\u00fcp tarihinin tad\u0131n\u0131 \u00e7\u0131kar\u0131n.","breadcrumb":{"@id":"https:\/\/retro-forma.com\/tr\/ispanya\/rayo-vallecano\/#breadcrumb"},"inLanguage":"da-DK","potentialAction":[{"@type":"ReadAction","target":["https:\/\/retro-forma.com\/tr\/ispanya\/rayo-vallecano\/"]}]},{"@type":"BreadcrumbList","@id":"https:\/\/retro-forma.com\/tr\/ispanya\/rayo-vallecano\/#breadcrumb","itemListElement":[{"@type":"ListItem","position":1,"name":"Hjem","item":"https:\/\/retro-forma.com\/tr\/"},{"@type":"ListItem","position":2,"name":"ispanya","item":"https:\/\/retro-forma.com\/tr\/ispanya\/"},{"@type":"ListItem","position":3,"name":"Rayo Vallecano"}]},{"@type":"WebSite","@id":"https:\/\/retro-forma.com\/tr\/#website","url":"https:\/\/retro-forma.com\/tr\/","name":"Retro Forma","description":"","publisher":{"@id":"https:\/\/retro-forma.com\/tr\/#organization"},"potentialAction":[{"@type":"SearchAction","target":{"@type":"EntryPoint","urlTemplate":"https:\/\/retro-forma.com\/tr\/?s={search_term_string}"},"query-input":"required name=search_term_string"}],"inLanguage":"da-DK"},{"@type":"Organization","@id":"https:\/\/retro-forma.com\/tr\/#organization","name":"Retro Forma","url":"https:\/\/retro-forma.com\/tr\/","logo":{"@type":"ImageObject","inLanguage":"da-DK","@id":"https:\/\/retro-forma.com\/tr\/#\/schema\/logo\/image\/","url":"https:\/\/retro-forma.com\/tr\/wp-content\/uploads\/2023\/02\/Retro-troeje.png","contentUrl":"https:\/\/retro-forma.com\/tr\/wp-content\/uploads\/2023\/02\/Retro-troeje.png","width":250,"height":100,"caption":"Retro Forma"},"image":{"@id":"https:\/\/retro-forma.com\/tr\/#\/schema\/logo\/image\/"}}]}},"_links":{"self":[{"href":"https:\/\/retro-forma.com\/tr\/wp-json\/wp\/v2\/pages\/198","targetHints":{"allow":["GET"]}}],"collection":[{"href":"https:\/\/retro-forma.com\/tr\/wp-json\/wp\/v2\/pages"}],"about":[{"href":"https:\/\/retro-forma.com\/tr\/wp-json\/wp\/v2\/types\/page"}],"author":[{"embeddable":true,"href":"https:\/\/retro-forma.com\/tr\/wp-json\/wp\/v2\/users\/1"}],"replies":[{"embeddable":true,"href":"https:\/\/retro-forma.com\/tr\/wp-json\/wp\/v2\/comments?post=198"}],"version-history":[{"count":0,"href":"https:\/\/retro-forma.com\/tr\/wp-json\/wp\/v2\/pages\/198\/revisions"}],"up":[{"embeddable":true,"href":"https:\/\/retro-forma.com\/tr\/wp-json\/wp\/v2\/pages\/162"}],"wp:featuredmedia":[{"embeddable":true,"href":"https:\/\/retro-forma.com\/tr\/wp-json\/wp\/v2\/media\/199"}],"wp:attachment":[{"href":"https:\/\/retro-forma.com\/tr\/wp-json\/wp\/v2\/media?parent=198"}],"curies":[{"name":"wp","href":"https:\/\/api.w.org\/{rel}","templated":true}]}}