{"id":190,"date":"2023-02-11T10:39:17","date_gmt":"2023-02-11T10:39:17","guid":{"rendered":"https:\/\/retro-forma.com\/tr\/ispanya\/valladolid\/"},"modified":"2023-02-11T10:39:17","modified_gmt":"2023-02-11T10:39:17","slug":"valladolid","status":"publish","type":"page","link":"https:\/\/retro-forma.com\/tr\/ispanya\/valladolid\/","title":{"rendered":"Valladolid"},"content":{"rendered":"<p>Valladolid, 1882 y\u0131l\u0131nda kurulmu\u015f bir kul\u00fcpt\u00fcr. Estadio Jos\u00e9 Zorrilla stadyumu, 24.851 ki\u015filik kapasitesiyle kul\u00fcb\u00fcn evi olarak hizmet vermektedir. Kul\u00fcb\u00fcn retro formas\u0131, beyaz ve siyah renklerinin bir araya gelmesiyle olu\u015fturulmu\u015ftur. Forma, kul\u00fcb\u00fcn tarihine sayg\u0131 duymak i\u00e7in tasarlanm\u0131\u015ft\u0131r.<\/p>\n<p>&nbsp;<\/p>\n<p>&nbsp;<\/p>\n<p>Stadyum: Estadio Municipal Jos\u00e9 Zorrilla<\/p>\n<p>Adres: Avenida del Mundial 82, Valladolid<\/p>\n<p>Kapasite: 26512<\/p>\n<p><img decoding=\"async\" src=\"https:\/\/media.api-sports.io\/football\/venues\/1492.png\" \/><\/p>\n<p>&nbsp;<\/p>\n<p>Temelde: 1928<\/p>\n","protected":false},"excerpt":{"rendered":"<p>Valladolid, \u0130spanya&#8217;da bir futbol kul\u00fcb\u00fcd\u00fcr. Kul\u00fcp, retro g\u00f6mlekleriyle \u00fcnl\u00fcd\u00fcr ve bu g\u00f6mlekler, kul\u00fcb\u00fcn tarihini ve k\u00fclt\u00fcr\u00fcn\u00fc yans\u0131t\u0131r. Kul\u00fcp, tarihinde bir\u00e7ok ba\u015far\u0131ya imza atm\u0131\u015ft\u0131r ve bu ba\u015far\u0131lar\u0131n\u0131n bir sembol\u00fc olarak, retro g\u00f6mlekleriyle \u00fcnl\u00fcd\u00fcr.<\/p>\n","protected":false},"author":1,"featured_media":191,"parent":162,"menu_order":0,"comment_status":"open","ping_status":"open","template":"","meta":{"inline_featured_image":false,"footnotes":""},"class_list":["post-190","page","type-page","status-publish","has-post-thumbnail","hentry"],"yoast_head":"<!-- This site is optimized with the Yoast SEO plugin v20.0 - https:\/\/yoast.com\/wordpress\/plugins\/seo\/ -->\n<title>Retro Valladolid forma. Ceket \/ formas\u0131<\/title>\n<meta name=\"description\" content=\"Retro forma ve kul\u00fcp \u00fcr\u00fcnleri ile Valladolid&#039;u destekleyin! G\u00fcncel koleksiyonumuzu ke\u015ffedin ve kul\u00fcb\u00fcn\u00fcz\u00fcn tarihini ta\u015f\u0131y\u0131n.\" \/>\n<meta name=\"robots\" content=\"index, follow, max-snippet:-1, max-image-preview:large, max-video-preview:-1\" \/>\n<link rel=\"canonical\" href=\"https:\/\/retro-forma.com\/tr\/ispanya\/valladolid\/\" \/>\n<meta property=\"og:locale\" content=\"da_DK\" \/>\n<meta property=\"og:type\" content=\"article\" \/>\n<meta property=\"og:title\" content=\"Retro Valladolid forma. Ceket \/ formas\u0131\" \/>\n<meta property=\"og:description\" content=\"Retro forma ve kul\u00fcp \u00fcr\u00fcnleri ile Valladolid&#039;u destekleyin! G\u00fcncel koleksiyonumuzu ke\u015ffedin ve kul\u00fcb\u00fcn\u00fcz\u00fcn tarihini ta\u015f\u0131y\u0131n.\" \/>\n<meta property=\"og:url\" content=\"https:\/\/retro-forma.com\/tr\/ispanya\/valladolid\/\" \/>\n<meta property=\"og:site_name\" content=\"Retro Forma\" \/>\n<meta property=\"og:image\" content=\"https:\/\/retro-forma.com\/tr\/wp-content\/uploads\/2023\/02\/720.png\" \/>\n\t<meta property=\"og:image:width\" content=\"150\" \/>\n\t<meta property=\"og:image:height\" content=\"150\" \/>\n\t<meta property=\"og:image:type\" content=\"image\/png\" \/>\n<meta name=\"twitter:card\" content=\"summary_large_image\" \/>\n<script type=\"application\/ld+json\" class=\"yoast-schema-graph\">{\"@context\":\"https:\/\/schema.org\",\"@graph\":[{\"@type\":\"WebPage\",\"@id\":\"https:\/\/retro-forma.com\/tr\/ispanya\/valladolid\/\",\"url\":\"https:\/\/retro-forma.com\/tr\/ispanya\/valladolid\/\",\"name\":\"Retro Valladolid forma. Ceket \/ formas\u0131\",\"isPartOf\":{\"@id\":\"https:\/\/retro-forma.com\/tr\/#website\"},\"datePublished\":\"2023-02-11T10:39:17+00:00\",\"dateModified\":\"2023-02-11T10:39:17+00:00\",\"description\":\"Retro forma ve kul\u00fcp \u00fcr\u00fcnleri ile Valladolid'u destekleyin! G\u00fcncel koleksiyonumuzu ke\u015ffedin ve kul\u00fcb\u00fcn\u00fcz\u00fcn tarihini ta\u015f\u0131y\u0131n.\",\"breadcrumb\":{\"@id\":\"https:\/\/retro-forma.com\/tr\/ispanya\/valladolid\/#breadcrumb\"},\"inLanguage\":\"da-DK\",\"potentialAction\":[{\"@type\":\"ReadAction\",\"target\":[\"https:\/\/retro-forma.com\/tr\/ispanya\/valladolid\/\"]}]},{\"@type\":\"BreadcrumbList\",\"@id\":\"https:\/\/retro-forma.com\/tr\/ispanya\/valladolid\/#breadcrumb\",\"itemListElement\":[{\"@type\":\"ListItem\",\"position\":1,\"name\":\"Hjem\",\"item\":\"https:\/\/retro-forma.com\/tr\/\"},{\"@type\":\"ListItem\",\"position\":2,\"name\":\"ispanya\",\"item\":\"https:\/\/retro-forma.com\/tr\/ispanya\/\"},{\"@type\":\"ListItem\",\"position\":3,\"name\":\"Valladolid\"}]},{\"@type\":\"WebSite\",\"@id\":\"https:\/\/retro-forma.com\/tr\/#website\",\"url\":\"https:\/\/retro-forma.com\/tr\/\",\"name\":\"Retro Forma\",\"description\":\"\",\"publisher\":{\"@id\":\"https:\/\/retro-forma.com\/tr\/#organization\"},\"potentialAction\":[{\"@type\":\"SearchAction\",\"target\":{\"@type\":\"EntryPoint\",\"urlTemplate\":\"https:\/\/retro-forma.com\/tr\/?s={search_term_string}\"},\"query-input\":\"required name=search_term_string\"}],\"inLanguage\":\"da-DK\"},{\"@type\":\"Organization\",\"@id\":\"https:\/\/retro-forma.com\/tr\/#organization\",\"name\":\"Retro Forma\",\"url\":\"https:\/\/retro-forma.com\/tr\/\",\"logo\":{\"@type\":\"ImageObject\",\"inLanguage\":\"da-DK\",\"@id\":\"https:\/\/retro-forma.com\/tr\/#\/schema\/logo\/image\/\",\"url\":\"https:\/\/retro-forma.com\/tr\/wp-content\/uploads\/2023\/02\/Retro-troeje.png\",\"contentUrl\":\"https:\/\/retro-forma.com\/tr\/wp-content\/uploads\/2023\/02\/Retro-troeje.png\",\"width\":250,\"height\":100,\"caption\":\"Retro Forma\"},\"image\":{\"@id\":\"https:\/\/retro-forma.com\/tr\/#\/schema\/logo\/image\/\"}}]}<\/script>\n<!-- \/ Yoast SEO plugin. -->","yoast_head_json":{"title":"Retro Valladolid forma. Ceket \/ formas\u0131","description":"Retro forma ve kul\u00fcp \u00fcr\u00fcnleri ile Valladolid'u destekleyin! G\u00fcncel koleksiyonumuzu ke\u015ffedin ve kul\u00fcb\u00fcn\u00fcz\u00fcn tarihini ta\u015f\u0131y\u0131n.","robots":{"index":"index","follow":"follow","max-snippet":"max-snippet:-1","max-image-preview":"max-image-preview:large","max-video-preview":"max-video-preview:-1"},"canonical":"https:\/\/retro-forma.com\/tr\/ispanya\/valladolid\/","og_locale":"da_DK","og_type":"article","og_title":"Retro Valladolid forma. Ceket \/ formas\u0131","og_description":"Retro forma ve kul\u00fcp \u00fcr\u00fcnleri ile Valladolid'u destekleyin! G\u00fcncel koleksiyonumuzu ke\u015ffedin ve kul\u00fcb\u00fcn\u00fcz\u00fcn tarihini ta\u015f\u0131y\u0131n.","og_url":"https:\/\/retro-forma.com\/tr\/ispanya\/valladolid\/","og_site_name":"Retro Forma","og_image":[{"width":150,"height":150,"url":"https:\/\/retro-forma.com\/tr\/wp-content\/uploads\/2023\/02\/720.png","type":"image\/png"}],"twitter_card":"summary_large_image","schema":{"@context":"https:\/\/schema.org","@graph":[{"@type":"WebPage","@id":"https:\/\/retro-forma.com\/tr\/ispanya\/valladolid\/","url":"https:\/\/retro-forma.com\/tr\/ispanya\/valladolid\/","name":"Retro Valladolid forma. Ceket \/ formas\u0131","isPartOf":{"@id":"https:\/\/retro-forma.com\/tr\/#website"},"datePublished":"2023-02-11T10:39:17+00:00","dateModified":"2023-02-11T10:39:17+00:00","description":"Retro forma ve kul\u00fcp \u00fcr\u00fcnleri ile Valladolid'u destekleyin! G\u00fcncel koleksiyonumuzu ke\u015ffedin ve kul\u00fcb\u00fcn\u00fcz\u00fcn tarihini ta\u015f\u0131y\u0131n.","breadcrumb":{"@id":"https:\/\/retro-forma.com\/tr\/ispanya\/valladolid\/#breadcrumb"},"inLanguage":"da-DK","potentialAction":[{"@type":"ReadAction","target":["https:\/\/retro-forma.com\/tr\/ispanya\/valladolid\/"]}]},{"@type":"BreadcrumbList","@id":"https:\/\/retro-forma.com\/tr\/ispanya\/valladolid\/#breadcrumb","itemListElement":[{"@type":"ListItem","position":1,"name":"Hjem","item":"https:\/\/retro-forma.com\/tr\/"},{"@type":"ListItem","position":2,"name":"ispanya","item":"https:\/\/retro-forma.com\/tr\/ispanya\/"},{"@type":"ListItem","position":3,"name":"Valladolid"}]},{"@type":"WebSite","@id":"https:\/\/retro-forma.com\/tr\/#website","url":"https:\/\/retro-forma.com\/tr\/","name":"Retro Forma","description":"","publisher":{"@id":"https:\/\/retro-forma.com\/tr\/#organization"},"potentialAction":[{"@type":"SearchAction","target":{"@type":"EntryPoint","urlTemplate":"https:\/\/retro-forma.com\/tr\/?s={search_term_string}"},"query-input":"required name=search_term_string"}],"inLanguage":"da-DK"},{"@type":"Organization","@id":"https:\/\/retro-forma.com\/tr\/#organization","name":"Retro Forma","url":"https:\/\/retro-forma.com\/tr\/","logo":{"@type":"ImageObject","inLanguage":"da-DK","@id":"https:\/\/retro-forma.com\/tr\/#\/schema\/logo\/image\/","url":"https:\/\/retro-forma.com\/tr\/wp-content\/uploads\/2023\/02\/Retro-troeje.png","contentUrl":"https:\/\/retro-forma.com\/tr\/wp-content\/uploads\/2023\/02\/Retro-troeje.png","width":250,"height":100,"caption":"Retro Forma"},"image":{"@id":"https:\/\/retro-forma.com\/tr\/#\/schema\/logo\/image\/"}}]}},"_links":{"self":[{"href":"https:\/\/retro-forma.com\/tr\/wp-json\/wp\/v2\/pages\/190","targetHints":{"allow":["GET"]}}],"collection":[{"href":"https:\/\/retro-forma.com\/tr\/wp-json\/wp\/v2\/pages"}],"about":[{"href":"https:\/\/retro-forma.com\/tr\/wp-json\/wp\/v2\/types\/page"}],"author":[{"embeddable":true,"href":"https:\/\/retro-forma.com\/tr\/wp-json\/wp\/v2\/users\/1"}],"replies":[{"embeddable":true,"href":"https:\/\/retro-forma.com\/tr\/wp-json\/wp\/v2\/comments?post=190"}],"version-history":[{"count":0,"href":"https:\/\/retro-forma.com\/tr\/wp-json\/wp\/v2\/pages\/190\/revisions"}],"up":[{"embeddable":true,"href":"https:\/\/retro-forma.com\/tr\/wp-json\/wp\/v2\/pages\/162"}],"wp:featuredmedia":[{"embeddable":true,"href":"https:\/\/retro-forma.com\/tr\/wp-json\/wp\/v2\/media\/191"}],"wp:attachment":[{"href":"https:\/\/retro-forma.com\/tr\/wp-json\/wp\/v2\/media?parent=190"}],"curies":[{"name":"wp","href":"https:\/\/api.w.org\/{rel}","templated":true}]}}