{"version":"1.0","provider_name":"Retro Forma","provider_url":"https:\/\/retro-forma.com\/tr","author_name":"niller","author_url":"https:\/\/retro-forma.com\/tr\/author\/niller\/","title":"Retro 08 Stockholm Human Rights forma. Ceket \/ formas\u0131","type":"rich","width":600,"height":338,"html":"<blockquote class=\"wp-embedded-content\" data-secret=\"Tt4P32yEys\"><a href=\"https:\/\/retro-forma.com\/tr\/kul\u00fcpler\/sweden\/08-stockholm-human-rights\/\">08 Stockholm Human Rights<\/a><\/blockquote><iframe sandbox=\"allow-scripts\" security=\"restricted\" src=\"https:\/\/retro-forma.com\/tr\/kul\u00fcpler\/sweden\/08-stockholm-human-rights\/embed\/#?secret=Tt4P32yEys\" width=\"600\" height=\"338\" title=\"&#8220;08 Stockholm Human Rights&#8221; &#8211; Retro Forma\" data-secret=\"Tt4P32yEys\" frameborder=\"0\" marginwidth=\"0\" marginheight=\"0\" scrolling=\"no\" class=\"wp-embedded-content\"><\/iframe><script>\n\/*! This file is auto-generated *\/\n!function(d,l){\"use strict\";l.querySelector&&d.addEventListener&&\"undefined\"!=typeof URL&&(d.wp=d.wp||{},d.wp.receiveEmbedMessage||(d.wp.receiveEmbedMessage=function(e){var t=e.data;if((t||t.secret||t.message||t.value)&&!\/[^a-zA-Z0-9]\/.test(t.secret)){for(var s,r,n,a=l.querySelectorAll('iframe[data-secret=\"'+t.secret+'\"]'),o=l.querySelectorAll('blockquote[data-secret=\"'+t.secret+'\"]'),c=new RegExp(\"^https?:$\",\"i\"),i=0;i<o.length;i++)o[i].style.display=\"none\";for(i=0;i<a.length;i++)s=a[i],e.source===s.contentWindow&&(s.removeAttribute(\"style\"),\"height\"===t.message?(1e3<(r=parseInt(t.value,10))?r=1e3:~~r<200&&(r=200),s.height=r):\"link\"===t.message&&(r=new URL(s.getAttribute(\"src\")),n=new URL(t.value),c.test(n.protocol))&&n.host===r.host&&l.activeElement===s&&(d.top.location.href=t.value))}},d.addEventListener(\"message\",d.wp.receiveEmbedMessage,!1),l.addEventListener(\"DOMContentLoaded\",function(){for(var e,t,s=l.querySelectorAll(\"iframe.wp-embedded-content\"),r=0;r<s.length;r++)(t=(e=s[r]).getAttribute(\"data-secret\"))||(t=Math.random().toString(36).substring(2,12),e.src+=\"#?secret=\"+t,e.setAttribute(\"data-secret\",t)),e.contentWindow.postMessage({message:\"ready\",secret:t},\"*\")},!1)))}(window,document);\n\/\/# sourceURL=https:\/\/retro-forma.com\/tr\/wp-includes\/js\/wp-embed.min.js\n<\/script>\n","description":"Retro Giyim ve Kul\u00fcp \u00dcr\u00fcnleri ile Sizi Bekliyor! 08 Stockholm Human Rights'ta, klasik tarz\u0131n\u0131z\u0131 \u00f6ne \u00e7\u0131karmak i\u00e7in retro giyim ve kul\u00fcp \u00fcr\u00fcnleriyle sizi bekliyor. En sevdi\u011finiz tasar\u0131mlar\u0131 ve renkleri ke\u015ffedin ve tarz\u0131n\u0131z\u0131 g\u00f6sterin!"}